{"id":54,"date":"2024-08-31T21:58:06","date_gmt":"2024-08-31T21:58:06","guid":{"rendered":"http:\/\/instytutsp.org\/?page_id=54"},"modified":"2024-09-01T13:16:08","modified_gmt":"2024-09-01T13:16:08","slug":"statut","status":"publish","type":"page","link":"https:\/\/instytutsp.org\/index.php\/statut\/","title":{"rendered":"Statut"},"content":{"rendered":"\n<p><strong>STATUT&nbsp;&nbsp;<\/strong><\/p>\n\n\n\n<p><strong>FUNDACJI Instytut Studi\u00f3w Praktycznych<\/strong><\/p>\n\n\n\n<p><strong>Postanowienia og\u00f3lne&nbsp;&nbsp;<\/strong><\/p>\n\n\n\n<p class=\"has-text-align-center\">\u00a7 1&nbsp;&nbsp;<\/p>\n\n\n\n<ol class=\"wp-block-list\">\n<li>Fundacja pod nazw\u0105 Instytut Studi\u00f3w Praktycznych, zwana dalej Fundacj\u0105, ustanowiona przez:\u00a0 Macieja i Magdalen\u0119\u00a0\u0141osi\u0144skich zwanych dalej fundatorami, aktem notarialnym sporz\u0105dzonym przez notariusza Gra\u017cyn\u0119 P\u0142aczek w\u00a0 kancelarii notarialnej w Krakowie dzia\u0142a na\u00a0 podstawie przepis\u00f3w prawa polskiego oraz niniejszego statutu.<\/li>\n\n\n\n<li>Fundacja jest apolityczna i nie jest zwi\u0105zana z \u017cadnym wyznaniem.\u00a0\u00a0<\/li>\n<\/ol>\n\n\n\n<p class=\"has-text-align-center\">\u00a7 2&nbsp;&nbsp;<\/p>\n\n\n\n<p>Fundacja ma osobowo\u015b\u0107 prawn\u0105.&nbsp;&nbsp;<\/p>\n\n\n\n<p class=\"has-text-align-center\">\u00a7 3&nbsp;&nbsp;<\/p>\n\n\n\n<p>Siedzib\u0105 fundacji jest miasto Wrze\u015bnia.<\/p>\n\n\n\n<p class=\"has-text-align-center\">\u00a7 4&nbsp;&nbsp;<\/p>\n\n\n\n<p>Nadz\u00f3r na dzia\u0142alno\u015bci\u0105 Fundacji sprawuje Minister Sprawiedliwo\u015bci.&nbsp;<\/p>\n\n\n\n<p class=\"has-text-align-center\">\u00a7 5<\/p>\n\n\n\n<ol class=\"wp-block-list\">\n<li>Terenem dzia\u0142alno\u015bci Fundacji jest obszar Rzeczpospolitej Polskiej, przy czym w zakresie\u00a0 niezb\u0119dnym dla w\u0142a\u015bciwego realizowania cel\u00f3w mo\u017ce ona prowadzi\u0107 dzia\u0142alno\u015b\u0107 tak\u017ce\u00a0 poza granicami Rzeczypospolitej Polskiej.<\/li>\n\n\n\n<li>Fundacja mo\u017ce dla cel\u00f3w wsp\u00f3\u0142pracy z zagranic\u0105, je\u015bli zasadne jest u\u017cycie angielskiego t\u0142umaczenia pos\u0142ugiwa\u0107 si\u0119 nazw\u0105 \u201cInstitute for Practical Studies\u201d.<\/li>\n\n\n\n<li>Fundacja mo\u017ce dla cel\u00f3w wsp\u00f3\u0142pracy z zagranic\u0105 pos\u0142ugiwa\u0107 si\u0119 t\u0142umaczeniem nazwy na inne wybrane j\u0119zyki obce, je\u015bli nie jest zasadne u\u017cycie angielskiego t\u0142umaczenia nazwy.<\/li>\n<\/ol>\n\n\n\n<p class=\"has-text-align-center\">\u00a7 6&nbsp;<\/p>\n\n\n\n<ol class=\"wp-block-list\">\n<li>Fundacja mo\u017ce ustanawia\u0107 nagrody, stypendia i wyr\u00f3\u017cnienia dla os\u00f3b fizycznych i prawnych szczeg\u00f3lnie zas\u0142u\u017conych w obszarach dzia\u0142ania fundacji.<\/li>\n\n\n\n<li>Fundacja mo\u017ce ustanawia\u0107 stypendia naukowe.<\/li>\n\n\n\n<li>Fundacja, Zarz\u0105d oraz Rada Fundacji &#8211; za sw\u0105 dzia\u0142alno\u015b\u0107 w Fundacji nie przyjmuje nagr\u00f3d, odznak, wyr\u00f3\u017cnie\u0144 od innych os\u00f3b fizycznych, prawnych, instytucji i agencji rz\u0105dowych lub organizacji mi\u0119dzynarodowych.<\/li>\n<\/ol>\n\n\n\n<p><strong>Cele i zasady dzia\u0142ania Fundacji.&nbsp;&nbsp;<\/strong><\/p>\n\n\n\n<p class=\"has-text-align-center\">\u00a7 7&nbsp;&nbsp;<\/p>\n\n\n\n<p>Fundacj\u0119 ustanowiono dla realizacji spo\u0142ecznie i gospodarczo u\u017cytecznych cel\u00f3w, mianowicie podejmowania dzia\u0142a\u0144 na rzecz:&nbsp;<\/p>\n\n\n\n<ol class=\"wp-block-list\">\n<li>Analizowanie z\u0142o\u017conych problem\u00f3w spo\u0142ecznych oraz proponowanie i udost\u0119pnianie projekt\u00f3w ich rozwi\u0105zania spo\u0142eczno\u015bci oraz instytucjom pa\u0144stwowym, samorz\u0105dowym i prywatnym &#8211; je\u015bli tylko mog\u0105 one skorzysta\u0107 z tych rozwi\u0105za\u0144 dla dobra og\u00f3\u0142u,<\/li>\n\n\n\n<li>Projektowanie reform i modernizacji struktur organizacyjnych pa\u0144stwa oraz wspieranie innych organizacji, kt\u00f3re tworz\u0105 warto\u015bciowe projekty w tym zakresie,\u00a0<\/li>\n\n\n\n<li>Zwi\u0119kszania poczucia odpowiedzialno\u015bci obywateli za stan pa\u0144stwa,\u00a0<\/li>\n\n\n\n<li>Analizowanie, nag\u0142a\u015bnianie i interweniowanie w przypadkach dzia\u0142ania przez organy pa\u0144stwowe lub samorz\u0105dowe w spos\u00f3b niezgodny z prawem lub na niekorzy\u015b\u0107\u00a0obywateli,\u00a0<\/li>\n\n\n\n<li>Ochrona praw cz\u0142owieka, w szczeg\u00f3lno\u015bci niezbywalnej godno\u015bci cz\u0142owieka,<\/li>\n\n\n\n<li>Podnoszenie jako\u015bci debaty publicznej,\u00a0<\/li>\n\n\n\n<li>Upowszechnianie idei samorz\u0105dno\u015bci lokalnej i d\u0105\u017cenie do doskonalenia instytucji samorz\u0105dowych<\/li>\n\n\n\n<li>Dzia\u0142anie na rzecz stworzenia spo\u0142ecze\u0144stwa obywatelskiego,<\/li>\n\n\n\n<li>Poprawy bezpiecze\u0144stwa publicznego,<\/li>\n\n\n\n<li>Upowszechnianie idei pa\u0144stwa prawa,<\/li>\n\n\n\n<li>Kontroli obywatelskiej nad podmiotami publicznymi, wykonuj\u0105cymi funkcje publiczne oraz dysponuj\u0105cymi \u015brodkami publicznymi,<\/li>\n\n\n\n<li>Przeciwdzia\u0142anie i nag\u0142a\u015bnianie przypadk\u00f3w korupcji lub nepotyzmu,\u00a0<\/li>\n\n\n\n<li>Dzia\u0142anie na rzecz nauki, edukacji, o\u015bwiaty i wychowania,<\/li>\n\n\n\n<li>Profilaktyka uzale\u017cnie\u0144 i propagowanie wychowania w trze\u017awo\u015bci,<\/li>\n\n\n\n<li>Wspieranie polskiej gospodarki i przedsi\u0119biorczo\u015bci, przede wszystkim poprzez tworzenie i udost\u0119pnianie analiz i sugestii,\u00a0<\/li>\n\n\n\n<li>Propagowanie u\u017cywania nowoczesnych technologii w zarz\u0105dzaniu pa\u0144stwem, samorz\u0105dem i gospodark\u0105,\u00a0<\/li>\n\n\n\n<li>Inicjowanie i wspieranie nowatorskich rozwi\u0105za\u0144 w r\u00f3\u017cnorodnych dziedzinach \u017cycia\u00a0 spo\u0142ecznego,<\/li>\n\n\n\n<li>Ochrona zasob\u00f3w przyrodniczych i propagowanie prawa do zdrowego \u015brodowiska naturalnego,\u00a0<\/li>\n\n\n\n<li>Budowanie lokalnych wsp\u00f3lnot i zwi\u0119kszania poczucia odpowiedzialno\u015bci za najbli\u017csz\u0105\u00a0okolic\u0119\u00a0i stosunki dobros\u0105siedzkie,\u00a0<\/li>\n\n\n\n<li>Wypracowanie d\u0142ugofalowej wizji polskiej polityki zagranicznej,<\/li>\n\n\n\n<li>Interweniowanie i nag\u0142a\u015bnianie przypadk\u00f3w naruszenia prawa przez podmioty prywatne\u00a0<\/li>\n<\/ol>\n\n\n\n<p class=\"has-text-align-center\">\u00a7 8&nbsp;<\/p>\n\n\n\n<p>Fundacja realizuje swoje cele w szczeg\u00f3lno\u015bci poprzez:&nbsp;&nbsp;<\/p>\n\n\n\n<ol class=\"wp-block-list\">\n<li>Inicjowanie, wspieranie i prowadzenie bada\u0144 naukowych,\u00a0<\/li>\n\n\n\n<li>Popularyzacj\u0119\u00a0ekspertyz i opinii o dzia\u0142alno\u015bci instytucji pa\u0144stwowych, samorz\u0105dowych i prywatnych,<\/li>\n\n\n\n<li>Prowadzenie analiz i przygotowywanie publikacji w zakresie obj\u0119tym celami fundacji,\u00a0<\/li>\n\n\n\n<li>Tworzenie projekt\u00f3w rozwi\u0105za\u0144 oraz analiz problem\u00f3w\u00a0 i udost\u0119pnianie ich podmiotom publicznym oraz prywatnym a tak\u017ce lokalnej spo\u0142eczno\u015bci,\u00a0<\/li>\n\n\n\n<li>Aktywizm polityczny i spo\u0142eczny,<\/li>\n\n\n\n<li>Organizowania seminari\u00f3w i konferencji,<\/li>\n\n\n\n<li>Przyznawanie stypendi\u00f3w,\u00a0<\/li>\n\n\n\n<li>Udzia\u0142 w post\u0119powaniach s\u0105dowych i administracyjnych,\u00a0<\/li>\n\n\n\n<li>Innych aktywno\u015bci, kt\u00f3re swoim charakterem mog\u0105 zmierza\u0107\u00a0do realizacji celu fundacji,<\/li>\n<\/ol>\n\n\n\n<p class=\"has-text-align-center\">\u00a7 9&nbsp;&nbsp;<\/p>\n\n\n\n<p>Dla osi\u0105gni\u0119cia swych cel\u00f3w Fundacja mo\u017ce wspiera\u0107 dzia\u0142alno\u015b\u0107 innych os\u00f3b i instytucji&nbsp; zbie\u017cn\u0105 z jej celami.&nbsp;&nbsp;<\/p>\n\n\n\n<p><strong>Maj\u0105tek i dochody Fundacji.&nbsp;<\/strong><\/p>\n\n\n\n<p class=\"has-text-align-center\">\u00a7 10&nbsp;&nbsp;<\/p>\n\n\n\n<p>Maj\u0105tek Fundacji stanowi jej fundusz za\u0142o\u017cycielski w kwocie 1.000 (jeden tysi\u0105c) z\u0142otych&nbsp; oraz inne mienie nabyte przez Fundacj\u0119 w toku dzia\u0142ania.&nbsp;&nbsp;<\/p>\n\n\n\n<p class=\"has-text-align-center\">\u00a7 11&nbsp;&nbsp;<\/p>\n\n\n\n<ol class=\"wp-block-list\">\n<li>Dochody Fundacji pochodzi\u0107 mog\u0105 w szczeg\u00f3lno\u015bci z:\n<ol class=\"wp-block-list\">\n<li>darowizn, spadk\u00f3w, zapis\u00f3w,<\/li>\n\n\n\n<li>dotacji, subwencji oraz grant\u00f3w,<\/li>\n\n\n\n<li>dochod\u00f3w ze zbi\u00f3rek i imprez publicznych,<\/li>\n\n\n\n<li>dochod\u00f3w z maj\u0105tku Fundacji,<\/li>\n\n\n\n<li>odsetek i lokat bankowych,<\/li>\n<\/ol>\n<\/li>\n\n\n\n<li>Fundacja nie przyjmuje darowizn, spadk\u00f3w, grant\u00f3w od:\n<ol class=\"wp-block-list\">\n<li>Partii politycznych lub organizacji powo\u0142anych przez partie polityczne,<\/li>\n\n\n\n<li>Cz\u0142onk\u00f3w zarz\u0105d\u00f3w partii politycznych,<\/li>\n\n\n\n<li>Organizacji lokalnych lub mi\u0119dzynarodowych, kt\u00f3rych cele stoj\u0105 w sprzeczno\u015bci z celami fundacji,\u00a0<\/li>\n<\/ol>\n<\/li>\n\n\n\n<li>W przypadku gdy Fundacja nie mia\u0142a wp\u0142ywu na przekazan\u0105 darowizn\u0119, spadek lub grant &#8211; dokonuje jego zwrotu lub odrzucenia, a je\u015bli nie jest to mo\u017cliwe nabyty w ten spos\u00f3b maj\u0105tek przekazuje organizacji zajmuj\u0105cej si\u0119\u00a0dzia\u0142alno\u015bci\u0105 humanitarn\u0105.\u00a0<\/li>\n<\/ol>\n\n\n\n<p class=\"has-text-align-center\">\u00a7 12&nbsp;&nbsp;<\/p>\n\n\n\n<ol class=\"wp-block-list\">\n<li>Dochody pochodz\u0105ce z dotacji, subwencji, darowizn, spadk\u00f3w i zapis\u00f3w mog\u0105 by\u0107 u\u017cyte\u00a0 na realizacj\u0119 cel\u00f3w Fundacji tylko z poszanowaniem woli spadkobierc\u00f3w lub donator\u00f3w.<\/li>\n\n\n\n<li>W sprawach przyj\u0119cia darowizn i dziedziczenia o\u015bwiadczenia wymagane przepisami\u00a0 prawa sk\u0142ada Zarz\u0105d Fundacji.<\/li>\n\n\n\n<li>W przypadku powo\u0142ania fundacji do dziedziczenia jej zarz\u0105d sk\u0142ada o\u015bwiadczenie o\u00a0 przyj\u0119ciu spadku z dobrodziejstwem inwentarza, z zastrze\u017ceniem \u00a711 pkt. 2.\u00a0\u00a0<\/li>\n<\/ol>\n\n\n\n<p><strong>W\u0142adze Fundacji.&nbsp;<\/strong><\/p>\n\n\n\n<p class=\"has-text-align-center\">\u00a7 13&nbsp;<\/p>\n\n\n\n<ol class=\"wp-block-list\">\n<li>W\u0142adzami fundacji s\u0105:\n<ol class=\"wp-block-list\">\n<li>Rada Fundacji,<\/li>\n\n\n\n<li>Zarz\u0105d Fundacji.<\/li>\n<\/ol>\n<\/li>\n\n\n\n<li>Cz\u0142onkowie Rady Fundacji nie pobieraj\u0105 wynagrodzenia z tytu\u0142u udzia\u0142u w pracach tego\u00a0 organu, z wyj\u0105tkiem zwrotu udokumentowanych wydatk\u00f3w zwi\u0105zanych z uczestnictwem w pracach tych organ\u00f3w, w tym koszt\u00f3w podr\u00f3\u017cy.\u00a0\u00a0<\/li>\n<\/ol>\n\n\n\n<p><strong>Rada Fundacji.&nbsp;&nbsp;<\/strong><\/p>\n\n\n\n<p class=\"has-text-align-center\">\u00a7 14&nbsp;&nbsp;<\/p>\n\n\n\n<ol class=\"wp-block-list\">\n<li>Rada Fundacji jest organem stanowi\u0105cym, kontrolnym i opiniuj\u0105cym Fundacji.<\/li>\n\n\n\n<li>Rada Fundacji sk\u0142ada si\u0119 z trzech do sze\u015bciu cz\u0142onk\u00f3w.\u00a0\u00a0<\/li>\n\n\n\n<li>W sk\u0142ad Rady Fundacji z mocy statutu wchodz\u0105 Fundatorzy.<\/li>\n\n\n\n<li>Cz\u0142onk\u00f3w pierwszego sk\u0142adu Rady powo\u0142uj\u0105 Fundatorzy. Nast\u0119pnych cz\u0142onk\u00f3w Rady na miejsce os\u00f3b, kt\u00f3re przesta\u0142y pe\u0142ni\u0107 t\u0119 funkcj\u0119 lub dla rozszerzenia sk\u0142adu Rady powo\u0142uje sw\u0105 decyzj\u0105 Rada Fundacji.\u00a0\u00a0<\/li>\n\n\n\n<li>W szczeg\u00f3lnie uzasadnionych przypadkach odwo\u0142anie cz\u0142onka Rady i przez to\u00a0 pozbawienie go cz\u0142onkostwa w Radzie, mo\u017ce nast\u0105pi\u0107 w wyniku uchwa\u0142y podj\u0119tej\u00a0 jednog\u0142o\u015bnie przez pozosta\u0142ych cz\u0142onk\u00f3w Rady Fundacji. Fundatorzy nie mog\u0105 by\u0107 w ten\u00a0 spos\u00f3b pozbawieni cz\u0142onkostwa w Radzie Fundacji.<\/li>\n\n\n\n<li>Cz\u0142onkostwo w Radzie Fundacji ustaje w przypadku pisemnej rezygnacji z cz\u0142onkostwa lub \u015bmierci cz\u0142onka Rady.<\/li>\n\n\n\n<li>Nie mo\u017cna \u0142\u0105czy\u0107 cz\u0142onkostwa w Radzie Fundacji z pe\u0142nieniem funkcji w Zarz\u0105dzie Fundacji lub ze stosunkiem pracy z Fundacj\u0105.<\/li>\n\n\n\n<li>W razie powo\u0142ania cz\u0142onka Rady Fundacji, za jego zgod\u0105, do Zarz\u0105du Fundacji lub\u00a0 nawi\u0105zania przez cz\u0142onka Rady Fundacji stosunku pracy z Fundacj\u0105 \u2013 cz\u0142onkostwo takiej osoby w Radzie Fundacji ulega zawieszeniu, odpowiednio na czas pe\u0142nienia funkcji lub trwania stosunku pracy.<\/li>\n\n\n\n<li>Rada wybiera ze swego grona Przewodnicz\u0105cego Rady. Przewodnicz\u0105cy Rady kieruje\u00a0 pracami Rady, reprezentuje j\u0105 na zewn\u0105trz oraz zwo\u0142uje i przewodniczy zebraniom Rady.<\/li>\n\n\n\n<li>W przypadku niepe\u0142nego obsadzenia Rady Fundacji w wyniku rezygnacji lub \u015bmierci cz\u0142onka Rady Fundacji, uzupe\u0142nienia sk\u0142adu dokonuj\u0105 pozostali cz\u0142onkowie Rady.\u00a0\u00a0\u00a0<\/li>\n<\/ol>\n\n\n\n<p class=\"has-text-align-center\">\u00a7 15&nbsp;&nbsp;<\/p>\n\n\n\n<ol class=\"wp-block-list\">\n<li>Rada Fundacji zbiera si\u0119 co najmniej raz w roku.<\/li>\n\n\n\n<li>Rad\u0119 Fundacji zwo\u0142uje Przewodnicz\u0105cy Rady z w\u0142asnej inicjatywy albo na wniosek\u00a0 Zarz\u0105du lub Fundator\u00f3w, zg\u0142oszony na pi\u015bmie.<\/li>\n\n\n\n<li>Rada Fundacji podejmuje decyzje w formie uchwa\u0142 \u2013 zwyk\u0142\u0105 wi\u0119kszo\u015bci\u0105 g\u0142os\u00f3w, w razie r\u00f3wnej liczby g\u0142os\u00f3w decyduje g\u0142os Przewodnicz\u0105cego.\u00a0\u00a0<\/li>\n\n\n\n<li>Rada Fundacji mo\u017ce zbiera\u0107 si\u0119\u00a0za pomoc\u0105 \u015brodk\u00f3w komunikacji na odleg\u0142o\u015b\u0107.<\/li>\n<\/ol>\n\n\n\n<p class=\"has-text-align-center\">\u00a7 16&nbsp;&nbsp;<\/p>\n\n\n\n<p>Do zada\u0144 Rady nale\u017cy w szczeg\u00f3lno\u015bci:&nbsp;&nbsp;<\/p>\n\n\n\n<ol class=\"wp-block-list\">\n<li>Powo\u0142ywanie i odwo\u0142ywanie Prezesa i cz\u0142onk\u00f3w Zarz\u0105du.<\/li>\n\n\n\n<li>Podejmowanie decyzji o zatrudnieniu cz\u0142onk\u00f3w Zarz\u0105du i ustalanie ich wynagrodzenia.<\/li>\n\n\n\n<li>Ocena pracy Zarz\u0105du, przyjmowanie corocznych sprawozda\u0144 lub bilansu i udzielanie\u00a0 cz\u0142onkom Zarz\u0105du absolutorium.<\/li>\n\n\n\n<li>Kontrolowanie bie\u017c\u0105cej dzia\u0142alno\u015bci Zarz\u0105du Fundacji.<\/li>\n\n\n\n<li>Wytyczanie g\u0142\u00f3wnych kierunk\u00f3w programowych Fundacji.<\/li>\n\n\n\n<li>Nadz\u00f3r nad dzia\u0142alno\u015bci\u0105 Fundacji.<\/li>\n\n\n\n<li>Podejmowanie na wniosek Zarz\u0105du Fundacji decyzji o po\u0142\u0105czeniu z inn\u0105 Fundacj\u0105 lub o likwidacji Fundacji.\u00a0\u00a0<\/li>\n<\/ol>\n\n\n\n<p class=\"has-text-align-center\">\u00a7 17&nbsp;&nbsp;<\/p>\n\n\n\n<p>Rada Fundacji w celu wykonania swych zada\u0144 jest uprawniona do:&nbsp;&nbsp;<\/p>\n\n\n\n<ol class=\"wp-block-list\">\n<li>\u017c\u0105dania od Zarz\u0105du Fundacji przedstawienia wszelkich dokument\u00f3w dotycz\u0105cych\u00a0 dzia\u0142alno\u015bci Fundacji,<\/li>\n\n\n\n<li>dokonywania rewizji maj\u0105tku oraz kontroli finansowej Fundacji.\u00a0\u00a0<\/li>\n<\/ol>\n\n\n\n<p><strong>Zarz\u0105d Fundacji.&nbsp;&nbsp;<\/strong><\/p>\n\n\n\n<p class=\"has-text-align-center\">\u00a7 18&nbsp;&nbsp;<\/p>\n\n\n\n<ol class=\"wp-block-list\">\n<li>Zarz\u0105d Fundacji sk\u0142ada si\u0119 z nie wi\u0119cej ni\u017c trzech os\u00f3b powo\u0142ywanych przez Rad\u0119 Fundacji na trzyletni\u0105 kadencj\u0119. Cz\u0142onk\u00f3w pierwszego sk\u0142adu Zarz\u0105du powo\u0142uj\u0105 Fundatorzy.<\/li>\n\n\n\n<li>Funkcj\u0119 cz\u0142onka Zarz\u0105du mo\u017cna pe\u0142ni\u0107 przez wi\u0119cej ni\u017c jedn\u0105 kadencj\u0119.<\/li>\n\n\n\n<li>Rada Fundacji powo\u0142uje Prezesa Zarz\u0105du.<\/li>\n\n\n\n<li>Zarz\u0105d Fundacji w ca\u0142o\u015bci lub jej poszczeg\u00f3lni cz\u0142onkowie mog\u0105 by\u0107 odwo\u0142ani przez\u00a0 Rad\u0119 Fundacji przed up\u0142ywem kadencji w drodze uchwa\u0142y podj\u0119tej jednomy\u015blnie przez\u00a0 wszystkich cz\u0142onk\u00f3w Rady.\u00a0\u00a0<\/li>\n<\/ol>\n\n\n\n<p class=\"has-text-align-center\">\u00a7 19&nbsp;&nbsp;<\/p>\n\n\n\n<ol class=\"wp-block-list\">\n<li>Zarz\u0105d kieruje dzia\u0142alno\u015bci\u0105 Fundacji i reprezentuje j\u0105 na zewn\u0105trz.<\/li>\n\n\n\n<li>Do zada\u0144 Zarz\u0105du nale\u017cy w szczeg\u00f3lno\u015bci:\n<ol class=\"wp-block-list\">\n<li>uchwalanie rocznych plan\u00f3w dzia\u0142ania Fundacji oraz plan\u00f3w finansowych,<\/li>\n\n\n\n<li>uchwalanie regulamin\u00f3w,\u00a0<\/li>\n\n\n\n<li>sprawowanie zarz\u0105du maj\u0105tkiem Fundacji,<\/li>\n\n\n\n<li>ustalanie wielko\u015bci zatrudnienia i wysoko\u015bci \u015brodk\u00f3w na wynagrodzenia pracownik\u00f3w Fundacji,<\/li>\n\n\n\n<li>podejmowanie decyzji we wszelkich sprawach nie przekazanych do kompetencji\u00a0 innych organ\u00f3w,\u00a0\u00a0<\/li>\n\n\n\n<li>przyjmowanie darowizn, spadk\u00f3w i zapis\u00f3w, subwencji i dotacji,<\/li>\n\n\n\n<li>wyst\u0119powanie z wnioskiem i wyra\u017canie zgody w sprawie zmian statutu Fundacji,\u00a0 po\u0142\u0105czenia z inn\u0105 Fundacj\u0105 oraz likwidacja Fundacji.<\/li>\n<\/ol>\n<\/li>\n\n\n\n<li>Zarz\u0105d podejmuje decyzje na posiedzeniach w formie uchwa\u0142 \u2013 zwyk\u0142\u0105 wi\u0119kszo\u015bci\u0105 g\u0142os\u00f3w jego cz\u0142onk\u00f3w obecnych na posiedzeniu Zarz\u0105du.<\/li>\n\n\n\n<li>O posiedzeniu musz\u0105 by\u0107 powiadomieni wszyscy cz\u0142onkowie Zarz\u0105du.<\/li>\n\n\n\n<li>Zarz\u0105d mo\u017ce powo\u0142ywa\u0107 pe\u0142nomocnik\u00f3w do kierowania wyodr\u0119bnion\u0105 sfer\u0105 spraw\u00a0 nale\u017c\u0105cych do zada\u0144 operacyjnych Fundacji.\u00a0\u00a0<\/li>\n\n\n\n<li>Zarz\u0105d co roku, do dnia 30 wrze\u015bnia, zobowi\u0105zany jest przedk\u0142ada\u0107 Radzie Fundacji Roczne sprawozdanie z dzia\u0142alno\u015bci Fundacji.\u00a0\u00a0<\/li>\n<\/ol>\n\n\n\n<p><strong>Wyspecjalizowane jednostki i oddzia\u0142y terenowe<\/strong><\/p>\n\n\n\n<p class=\"has-text-align-center\">\u00a7 20<\/p>\n\n\n\n<p>Fundacja mo\u017ce powo\u0142ywa\u0107 plac\u00f3wki badawcze, o\u015brodki, biura, odzia\u0142y, filie i zak\u0142ady w kraju i za granic\u0105. Takie jednostki powo\u0142uje zarz\u0105d za zgod\u0105 Rady Fundacji &#8211; wyznaczaj\u0105c jednocze\u015bnie osob\u0119&nbsp;odpowiedzialn\u0105 za ich bie\u017c\u0105c\u0105 dzia\u0142alno\u015b\u0107.&nbsp;<\/p>\n\n\n\n<p class=\"has-text-align-center\">\u00a7 21<\/p>\n\n\n\n<ol class=\"wp-block-list\">\n<li>Je\u015bli zarz\u0105d Fundacji uzna to za celowe, mo\u017ce powo\u0142ywa\u0107 i odwo\u0142ywa\u0107 wyspecjalizowane jednostki wewn\u0119trzne takie jak departamenty, wydzia\u0142y czy zespo\u0142y, zar\u00f3wno do realizacji cel\u00f3w fundacji jak i wspierania dzia\u0142alno\u015bci operacyjnej.<\/li>\n\n\n\n<li>Zarz\u0105d powo\u0142uj\u0105c tak\u0105 jednostk\u0119 nadaje jej numer i nazw\u0119 oraz okre\u015bla zakres dzia\u0142ania.<\/li>\n\n\n\n<li>Informacj\u0119 o jednostkach powo\u0142anych do realizacji cel\u00f3w fundacji w spos\u00f3b wyspecjalizowany publikuje si\u0119 na stronie internetowej fundacji, chyba \u017ce taka publikacja mog\u0142aby wp\u0142yn\u0105\u0107 negatywnie na mo\u017cliwo\u015b\u0107 zrealizowania wyznaczonego dla nich celu.<\/li>\n\n\n\n<li>Osoby wyznaczone do kierowania pracami wyspecjalizowanego zespo\u0142u i ich zast\u0119pcy s\u0105 powo\u0142ywani i odwo\u0142ywani przez Zarz\u0105d Fundacji.\u00a0<\/li>\n<\/ol>\n\n\n\n<p><strong>Spos\u00f3b Reprezentacji&nbsp;&nbsp;<\/strong><\/p>\n\n\n\n<p class=\"has-text-align-center\">\u00a7 22&nbsp;&nbsp;<\/p>\n\n\n\n<ol class=\"wp-block-list\">\n<li>O\u015bwiadczenia woli w imieniu Fundacji, z zastrze\u017ceniem ust. 3, sk\u0142adaj\u0105 dwaj cz\u0142onkowie Zarz\u0105du dzia\u0142aj\u0105cy \u0142\u0105cznie.\u00a0<\/li>\n\n\n\n<li>W przypadku gdy Zarz\u0105d liczy tylko jedn\u0105\u00a0osob\u0119, o\u015bwiadczenia woli w imieniu Fundacji, z zastrze\u017ceniem ust. 3,\u00a0 sk\u0142ada jednoosobowo cz\u0142onek zarz\u0105du informuj\u0105c niezw\u0142ocznie Rad\u0119\u00a0Fundacji o przedmiocie i charakterze tego o\u015bwiadczenia,\u00a0<\/li>\n\n\n\n<li>W sprawach dotycz\u0105cych zatrudniania pracownik\u00f3w oraz w sprawach zwi\u0105zanych z zaci\u0105ganiem zobowi\u0105za\u0144 maj\u0105tkowych poni\u017cej 5.000 (pi\u0119\u0107 tysi\u0119cy) z\u0142otych \u2013\u00a0 o\u015bwiadczenia woli w imieniu Fundacji mo\u017ce sk\u0142ada\u0107 jednoosobowo Prezes Fundacji.\u00a0\u00a0<\/li>\n<\/ol>\n\n\n\n<p><strong>Zmiana Statutu&nbsp;&nbsp;<\/strong><\/p>\n\n\n\n<p class=\"has-text-align-center\">\u00a7 23&nbsp;&nbsp;<\/p>\n\n\n\n<p>Zmian w statucie Fundacji dokonuje Rada Fundacji. Zmiany statutu mog\u0105 dotyczy\u0107 cel\u00f3w dla realizacji, kt\u00f3rych Fundacja zosta\u0142a ustanowiona okre\u015blonych w akcie za\u0142o\u017cycielskim.&nbsp;&nbsp;<\/p>\n\n\n\n<p><strong>Po\u0142\u0105czenie z inn\u0105 fundacj\u0105.&nbsp;&nbsp;<\/strong><\/p>\n\n\n\n<p class=\"has-text-align-center\">\u00a7 24&nbsp;&nbsp;<\/p>\n\n\n\n<ol class=\"wp-block-list\">\n<li>Fundacja mo\u017ce si\u0119 po\u0142\u0105czy\u0107 z inn\u0105 fundacj\u0105 dla efektywnego realizowania swoich cel\u00f3w.<\/li>\n\n\n\n<li>Po\u0142\u0105czenie z inn\u0105 fundacj\u0105 nie mo\u017ce nast\u0105pi\u0107, je\u017celi w jego wyniku m\u00f3g\u0142by ulec istotnej\u00a0 zmianie cel Fundacji.\u00a0\u00a0<\/li>\n<\/ol>\n\n\n\n<p class=\"has-text-align-center\">\u00a7 25&nbsp;&nbsp;<\/p>\n\n\n\n<p>W sprawach po\u0142\u0105czenia z inn\u0105 Fundacj\u0105 w\u0142a\u015bciwy jest zarz\u0105d, przy czym jego decyzje&nbsp; zapadaj\u0105 w drodze jednomy\u015blnej uchwa\u0142y i dla swej skuteczno\u015bci wymagaj\u0105 zatwierdzenia&nbsp; przez Rad\u0119 Fundacji.&nbsp;&nbsp;<\/p>\n\n\n\n<p><strong>Likwidacja Fundacji.&nbsp;&nbsp;<\/strong><\/p>\n\n\n\n<p class=\"has-text-align-center\">\u00a7 26&nbsp;&nbsp;<\/p>\n\n\n\n<ol class=\"wp-block-list\">\n<li>Fundacja ulega likwidacji w razie osi\u0105gni\u0119cia cel\u00f3w, dla kt\u00f3rych zosta\u0142a ustanowiona, uznania przez Rad\u0119\u00a0Fundacji jej dalszego dzia\u0142ania za niecelowe,\u00a0 utraty zdolno\u015bci operacyjnych lub w razie wyczerpania si\u0119 jej \u015brodk\u00f3w finansowych i maj\u0105tku.\u00a0<\/li>\n\n\n\n<li>Likwidator\u00f3w Fundacji powo\u0142uje i odwo\u0142uje Rada Fundacji.\u00a0\u00a0<\/li>\n<\/ol>\n\n\n\n<p class=\"has-text-align-center\">\u00a7 27&nbsp;&nbsp;<\/p>\n\n\n\n<p>Decyzj\u0119 o likwidacji podejmuje Zarz\u0105d w drodze jednomy\u015blnej uchwa\u0142y, kt\u00f3ra w celu&nbsp; wywo\u0142ania skutk\u00f3w prawnych wymaga zatwierdzenia przez Rad\u0119 Fundacji.&nbsp;&nbsp;<\/p>\n\n\n\n<p class=\"has-text-align-center\">\u00a7 28&nbsp;&nbsp;<\/p>\n\n\n\n<ol class=\"wp-block-list\">\n<li>\u015arodki finansowe i maj\u0105tek przekazany przez fundator\u00f3w w czasie funkcjonowania fundacji a pozosta\u0142y po likwidacji Fundacji zwracany jest fundatorom lub ich spadkobiercom,<\/li>\n\n\n\n<li>Pozosta\u0142e \u015brodki finansowe i maj\u0105tek pozosta\u0142y po likwidacji fundacji mog\u0105 zosta\u0107 przeznaczone moc\u0105 uchwa\u0142y Rady Fundacji na rzecz dzia\u0142aj\u0105cych w Rzeczpospolitej Polskiej fundacji o\u00a0 zbli\u017conych celach.\u00a0<\/li>\n<\/ol>\n\n\n\n<p><\/p>\n","protected":false},"excerpt":{"rendered":"<p>STATUT&nbsp;&nbsp; FUNDACJI Instytut Studi\u00f3w Praktycznych Postanowienia og\u00f3lne&nbsp;&nbsp; \u00a7 1&nbsp;&nbsp; \u00a7 2&nbsp;&nbsp; Fundacja ma osobowo\u015b\u0107 prawn\u0105.&nbsp;&nbsp; \u00a7 3&nbsp;&nbsp; Siedzib\u0105 fundacji jest miasto Wrze\u015bnia. \u00a7 4&nbsp;&nbsp; Nadz\u00f3r na dzia\u0142alno\u015bci\u0105 Fundacji sprawuje Minister Sprawiedliwo\u015bci.&nbsp; \u00a7 5 \u00a7 6&nbsp; Cele i zasady dzia\u0142ania Fundacji.&nbsp;&nbsp; \u00a7 7&nbsp;&nbsp; Fundacj\u0119 ustanowiono dla realizacji spo\u0142ecznie i gospodarczo u\u017cytecznych cel\u00f3w, mianowicie podejmowania dzia\u0142a\u0144 na&#8230;<\/p>\n","protected":false},"author":2,"featured_media":155,"parent":0,"menu_order":0,"comment_status":"closed","ping_status":"closed","template":"","meta":{"footnotes":""},"class_list":["post-54","page","type-page","status-publish","has-post-thumbnail","hentry"],"_links":{"self":[{"href":"https:\/\/instytutsp.org\/index.php\/wp-json\/wp\/v2\/pages\/54","targetHints":{"allow":["GET"]}}],"collection":[{"href":"https:\/\/instytutsp.org\/index.php\/wp-json\/wp\/v2\/pages"}],"about":[{"href":"https:\/\/instytutsp.org\/index.php\/wp-json\/wp\/v2\/types\/page"}],"author":[{"embeddable":true,"href":"https:\/\/instytutsp.org\/index.php\/wp-json\/wp\/v2\/users\/2"}],"replies":[{"embeddable":true,"href":"https:\/\/instytutsp.org\/index.php\/wp-json\/wp\/v2\/comments?post=54"}],"version-history":[{"count":1,"href":"https:\/\/instytutsp.org\/index.php\/wp-json\/wp\/v2\/pages\/54\/revisions"}],"predecessor-version":[{"id":55,"href":"https:\/\/instytutsp.org\/index.php\/wp-json\/wp\/v2\/pages\/54\/revisions\/55"}],"wp:featuredmedia":[{"embeddable":true,"href":"https:\/\/instytutsp.org\/index.php\/wp-json\/wp\/v2\/media\/155"}],"wp:attachment":[{"href":"https:\/\/instytutsp.org\/index.php\/wp-json\/wp\/v2\/media?parent=54"}],"curies":[{"name":"wp","href":"https:\/\/api.w.org\/{rel}","templated":true}]}}